{"id":1730,"date":"2026-04-29T10:22:36","date_gmt":"2026-04-29T10:22:36","guid":{"rendered":"https:\/\/aaccadiz.com\/noticias\/?page_id=1730"},"modified":"2026-04-29T10:29:51","modified_gmt":"2026-04-29T10:29:51","slug":"politica-de-privacidad-2","status":"publish","type":"page","link":"https:\/\/aaccadiz.com\/noticias\/politica-de-privacidad-2\/","title":{"rendered":"Pol\u00edtica de Privacidad"},"content":{"rendered":"<p>POL\u00cdTICA DE PRIVACIDAD<br \/>\nAVISO DE PRIVACIDAD<br \/>\nDe conformidad con la Ley 34\/2002 de 11 de julio y dem\u00e1s legislaci\u00f3n concordante, ASOCIACI\u00d3N DE AUTORES DEL CARNAVAL DE C\u00c1DIZ, manifiesta que su NIF es G11055647, que cuenta con Domicilio Social  en CL. SANTA ELENA, S\/N &#8211; 11006 C\u00c1DIZ y email de contacto: autorescadiz@gmail.com<\/p>\n<p>Las presentes condiciones legales regulan el uso y las condiciones de acceso del sitio Web HTTPS:\/\/AACCADIZ.COM (de ahora en adelante el \u00absitio\u00bb). El uso o el acceso a este sitio implica que usted (en adelante \u00abusuario\u00bb) reconoce haber le\u00eddo y comprendido las presentes informaciones en su totalidad. Si usted como usuario no est\u00e1 de acuerdo con alguna de las presentes condiciones deber\u00e1 dejar de acceder a este sitio.<\/p>\n<p>POL\u00cdTICA DE PROTECCI\u00d3N DE DATOS<br \/>\nA)  INFORMACI\u00d3N CONFIDENCIAL: Se entiende por \u00abinformaci\u00f3n confidencial\u00bb toda aquella informaci\u00f3n o dato provisto por usted en nuestra web.<\/p>\n<p>As\u00ed, a t\u00edtulo enunciativo, que no limitativo, se entiende como informaci\u00f3n confidencial toda informaci\u00f3n personal de forma no restrictiva: N\u00fameros de tel\u00e9fono, n\u00fameros de faxes, direcciones de correo electr\u00f3nico, direcciones de residencia, firmas, copias de pasaportes o documentos nacionales de identidad, detalles de tarjetas de cr\u00e9dito\/d\u00e9bito, preferencias personales, particularidades o cualquier otra informaci\u00f3n que le pertenezca y sea relevante para la contrataci\u00f3n o pago de la reserva de usted o del grupo en nombre del cual contrata.<\/p>\n<p>En ning\u00fan caso tendr\u00e1 car\u00e1cter de confidencial la informaci\u00f3n referente a:<br \/>\n\u2022   Cualquier tema que aparezca de forma p\u00fablica o que pase a ser de dominio p\u00fablico a no ser que haya llegado a ser de dominio p\u00fablico a causa del incumplimiento de una de las partes.<br \/>\n\u2022   Cualquier informaci\u00f3n o conocimiento (Know-How) adquirido de terceros.<br \/>\n\u2022   Divulgaci\u00f3n requerida por Ley.<br \/>\n\u2022   Divulgaci\u00f3n de cualquier informaci\u00f3n a petici\u00f3n de Jueces o Tribunales.<br \/>\n\u2022   Informaci\u00f3n referente a datos econ\u00f3micos o de otra \u00edndole que deban ser aportados ante la Administraci\u00f3n estatal, local o auton\u00f3mica, por requerimientos fiscales, laborales o de contrataci\u00f3n administrativa.<\/p>\n<p>B)  ACCESO A DATOS PERSONALES<br \/>\nINFORMACI\u00d3N<br \/>\n\u2022   Responsable del Tratamiento: ASOCIACI\u00d3N DE AUTORES DEL CARNAVAL DE C\u00c1DIZ<br \/>\n\u2022   Correo electr\u00f3nico: autorescadiz@gmail.com<br \/>\n\u2003<br \/>\nFINALIDAD<br \/>\nACTIVIDAD PRINCIPAL: ASOCIACI\u00d3N CULTURAL<\/p>\n<p>La informaci\u00f3n aportada al formulario de contacto, o en su caso al registro como usuario, se entiende comunicada de modo veraz por parte del usuario de la web y solo ser\u00e1 recabada la adecuada, pertinente y no excesiva para atenderle como cliente y prestarle de forma correcta los servicios contratados, pero tambi\u00e9n en caso de contar con su consentimiento expreso, para gestionar lista de suscripciones, seguimientos, enviar boletines, promociones y ofertas especiales. Igualmente, para moderar y responder a comentarios de los usuarios de la web.<\/p>\n<p>No ser\u00e1 utilizada la informaci\u00f3n para cumplir finalidades incompatibles con aquellas para las que nos la ha proporcionado. Si fuese a ser utilizada para una finalidad incompatible, se le proporcionar\u00e1 informaci\u00f3n, adem\u00e1s de solicitarle su consentimiento para ello.<\/p>\n<p>No utilizaremos sus datos personales con la finalidad de tomar decisiones, basadas exclusivamente en el tratamiento automatizado sus datos, que puedan producir alg\u00fan efecto jur\u00eddico, salvo que sea necesaria para celebrar un contrato, lo consienta expl\u00edcitamente o lo autorice la Ley. Le garantizamos que respetamos las condiciones de uso establecidas legalmente y podremos desarrollar herramientas y algoritmos que ayuden a la web a garantizar confidencialidad de los datos que recoge.<\/p>\n<p>Los datos personales son recabados habitualmente por diversas v\u00edas diversas en formato papel o electr\u00f3nico. Para el caso de que cont\u00e1ramos con informaci\u00f3n que pudiera provenir de terceras personas, le informaremos en la primera comunicaci\u00f3n o en un mes de plazo m\u00e1ximo. Con el fin de poder ofrecerle productos y servicios de acuerdo con sus intereses podremos elaborar un perfil comercial, con base en dicha informaci\u00f3n. Toda su informaci\u00f3n ser\u00e1 archivada en nuestros servidores y formar\u00e1n parte de nuestros Registros de Actividad de Tratamiento.<\/p>\n<p>LEGITIMACI\u00d3N<br \/>\n\u2022   Consentimiento del Interesado<br \/>\n\u2022   Ejecuci\u00f3n de un Contrato<br \/>\n\u2022   Cumplimiento de una Obligaci\u00f3n legal<br \/>\n\u2022   Inter\u00e9s P\u00fablico o ejercicio de Poderes P\u00fablicos<br \/>\n\u2022   Inter\u00e9s leg\u00edtimo del responsable, o de un tercero<br \/>\n\u2022   Protecci\u00f3n de intereses vitales del interesado o de otra persona.<\/p>\n<p>\u2003<br \/>\nCONSERVACI\u00d3N<br \/>\nSus datos ser\u00e1n conservados durante el tiempo necesario para cumplir con el servicio solicitado. Una vez cumplida dicha finalidad sus datos ser\u00e1n conservados debidamente bloqueados para poder cumplir con las obligaciones que legalmente vengan impuestas al responsable por la legislaci\u00f3n vigente. Transcurridos dichos plazos, sus datos ser\u00e1n borrados definitivamente salvo que nos solicite expresamente la portabilidad a tercero.<\/p>\n<p>DESTINATARIOS\/COMUNICACIONES<br \/>\n\u2022   Hacienda P\u00fablica, Tesorer\u00eda General de la Seguridad Social o entidades Colaboradoras, u otras, por tratarse de un requisito legal.<br \/>\n\u2022   Tribunales de Justicia, Ministerio Fiscal o Fuerzas y Cuerpos de Seguridad del Estado, u otras, por tratarse de un requisito legal.<br \/>\n\u2022   Servicios fiscales y laborales<br \/>\n\u2022   Servicios de consultor\u00eda<br \/>\n\u2022   Servicios inform\u00e1ticos<br \/>\n\u2022   Transferencias Internacionales<\/p>\n<p>DERECHOS<br \/>\nPuede ejercer sus derechos de acceso, rectificaci\u00f3n, supresi\u00f3n y portabilidad de sus datos, y la limitaci\u00f3n u oposici\u00f3n al tratamiento en: CL. SANTA ELENA, S\/N &#8211; 11006 C\u00c1DIZ.<br \/>\nIgualmente si se encuentra en desacuerdo respecto a la gesti\u00f3n de la informaci\u00f3n tiene derecho a reclamar ante la Autoridad de Control en: www.aepd.es<\/p>\n<p>PROCEDENCIA<br \/>\nLos datos objeto de tratamiento proceden del interesado<\/p>\n<p>NORMATIVA<br \/>\n\u2022   Reglamento General de Protecci\u00f3n de Datos 2016\/679<br \/>\n\u2022   Ley Org\u00e1nica 3\/2018 de Protecci\u00f3n de Datos<\/p>\n","protected":false},"excerpt":{"rendered":"<p>POL\u00cdTICA DE PRIVACIDAD AVISO DE PRIVACIDAD De conformidad con la Ley 34\/2002 de 11 de julio y dem\u00e1s legislaci\u00f3n concordante,<\/p>\n","protected":false},"author":1,"featured_media":0,"parent":0,"menu_order":0,"comment_status":"closed","ping_status":"closed","template":"","meta":{"colormag_page_container_layout":"default_layout","colormag_page_sidebar_layout":"default_layout","footnotes":""},"class_list":["post-1730","page","type-page","status-publish","hentry"],"magazineBlocksPostFeaturedMedia":{"thumbnail":false,"medium":false,"medium_large":false,"large":false,"1536x1536":false,"2048x2048":false,"colormag-highlighted-post":false,"colormag-featured-post-medium":false,"colormag-featured-post-small":false,"colormag-featured-image":false,"colormag-default-news":false,"colormag-featured-image-large":false,"colormag-elementor-block-extra-large-thumbnail":false,"colormag-elementor-grid-large-thumbnail":false,"colormag-elementor-grid-small-thumbnail":false,"colormag-elementor-grid-medium-large-thumbnail":false},"magazineBlocksPostAuthor":{"name":"admin","avatar":"https:\/\/secure.gravatar.com\/avatar\/3c4ced6c95544000c9086543bc2f3cf1075f1b16463799e744e2f0ed2bf08c9f?s=96&d=mm&r=g"},"magazineBlocksPostCommentsNumber":false,"magazineBlocksPostExcerpt":"POL\u00cdTICA DE PRIVACIDAD AVISO DE PRIVACIDAD De conformidad con la Ley 34\/2002 de 11 de julio y dem\u00e1s legislaci\u00f3n concordante,","magazineBlocksPostCategories":[],"magazineBlocksPostViewCount":0,"magazineBlocksPostReadTime":5,"yoast_head":"<!-- This site is optimized with the Yoast SEO plugin v26.5 - https:\/\/yoast.com\/wordpress\/plugins\/seo\/ -->\n<title>Pol\u00edtica de Privacidad - :: Asociacion de Autores ::<\/title>\n<meta name=\"robots\" content=\"index, follow, max-snippet:-1, max-image-preview:large, max-video-preview:-1\" \/>\n<link rel=\"canonical\" href=\"https:\/\/aaccadiz.com\/noticias\/politica-de-privacidad-2\/\" \/>\n<meta property=\"og:locale\" content=\"es_ES\" \/>\n<meta property=\"og:type\" content=\"article\" \/>\n<meta property=\"og:title\" content=\"Pol\u00edtica de Privacidad - :: Asociacion de Autores ::\" \/>\n<meta property=\"og:description\" content=\"POL\u00cdTICA DE PRIVACIDAD AVISO DE PRIVACIDAD De conformidad con la Ley 34\/2002 de 11 de julio y dem\u00e1s legislaci\u00f3n concordante,\" \/>\n<meta property=\"og:url\" content=\"https:\/\/aaccadiz.com\/noticias\/politica-de-privacidad-2\/\" \/>\n<meta property=\"og:site_name\" content=\":: Asociacion de Autores ::\" \/>\n<meta property=\"article:modified_time\" content=\"2026-04-29T10:29:51+00:00\" \/>\n<meta name=\"twitter:card\" content=\"summary_large_image\" \/>\n<meta name=\"twitter:label1\" content=\"Tiempo de lectura\" \/>\n\t<meta name=\"twitter:data1\" content=\"4 minutos\" \/>\n<script type=\"application\/ld+json\" class=\"yoast-schema-graph\">{\"@context\":\"https:\/\/schema.org\",\"@graph\":[{\"@type\":\"WebPage\",\"@id\":\"https:\/\/aaccadiz.com\/noticias\/politica-de-privacidad-2\/\",\"url\":\"https:\/\/aaccadiz.com\/noticias\/politica-de-privacidad-2\/\",\"name\":\"Pol\u00edtica de Privacidad - :: Asociacion de Autores ::\",\"isPartOf\":{\"@id\":\"https:\/\/aaccadiz.com\/noticias\/#website\"},\"datePublished\":\"2026-04-29T10:22:36+00:00\",\"dateModified\":\"2026-04-29T10:29:51+00:00\",\"breadcrumb\":{\"@id\":\"https:\/\/aaccadiz.com\/noticias\/politica-de-privacidad-2\/#breadcrumb\"},\"inLanguage\":\"es\",\"potentialAction\":[{\"@type\":\"ReadAction\",\"target\":[\"https:\/\/aaccadiz.com\/noticias\/politica-de-privacidad-2\/\"]}]},{\"@type\":\"BreadcrumbList\",\"@id\":\"https:\/\/aaccadiz.com\/noticias\/politica-de-privacidad-2\/#breadcrumb\",\"itemListElement\":[{\"@type\":\"ListItem\",\"position\":1,\"name\":\"Portada\",\"item\":\"https:\/\/aaccadiz.com\/noticias\/\"},{\"@type\":\"ListItem\",\"position\":2,\"name\":\"Pol\u00edtica de Privacidad\"}]},{\"@type\":\"WebSite\",\"@id\":\"https:\/\/aaccadiz.com\/noticias\/#website\",\"url\":\"https:\/\/aaccadiz.com\/noticias\/\",\"name\":\":: Asociacion de Autores ::\",\"description\":\"Asociacion de Autores del Carnaval de C\u00e1diz\",\"potentialAction\":[{\"@type\":\"SearchAction\",\"target\":{\"@type\":\"EntryPoint\",\"urlTemplate\":\"https:\/\/aaccadiz.com\/noticias\/?s={search_term_string}\"},\"query-input\":{\"@type\":\"PropertyValueSpecification\",\"valueRequired\":true,\"valueName\":\"search_term_string\"}}],\"inLanguage\":\"es\"}]}<\/script>\n<!-- \/ Yoast SEO plugin. -->","yoast_head_json":{"title":"Pol\u00edtica de Privacidad - :: Asociacion de Autores ::","robots":{"index":"index","follow":"follow","max-snippet":"max-snippet:-1","max-image-preview":"max-image-preview:large","max-video-preview":"max-video-preview:-1"},"canonical":"https:\/\/aaccadiz.com\/noticias\/politica-de-privacidad-2\/","og_locale":"es_ES","og_type":"article","og_title":"Pol\u00edtica de Privacidad - :: Asociacion de Autores ::","og_description":"POL\u00cdTICA DE PRIVACIDAD AVISO DE PRIVACIDAD De conformidad con la Ley 34\/2002 de 11 de julio y dem\u00e1s legislaci\u00f3n concordante,","og_url":"https:\/\/aaccadiz.com\/noticias\/politica-de-privacidad-2\/","og_site_name":":: Asociacion de Autores ::","article_modified_time":"2026-04-29T10:29:51+00:00","twitter_card":"summary_large_image","twitter_misc":{"Tiempo de lectura":"4 minutos"},"schema":{"@context":"https:\/\/schema.org","@graph":[{"@type":"WebPage","@id":"https:\/\/aaccadiz.com\/noticias\/politica-de-privacidad-2\/","url":"https:\/\/aaccadiz.com\/noticias\/politica-de-privacidad-2\/","name":"Pol\u00edtica de Privacidad - :: Asociacion de Autores ::","isPartOf":{"@id":"https:\/\/aaccadiz.com\/noticias\/#website"},"datePublished":"2026-04-29T10:22:36+00:00","dateModified":"2026-04-29T10:29:51+00:00","breadcrumb":{"@id":"https:\/\/aaccadiz.com\/noticias\/politica-de-privacidad-2\/#breadcrumb"},"inLanguage":"es","potentialAction":[{"@type":"ReadAction","target":["https:\/\/aaccadiz.com\/noticias\/politica-de-privacidad-2\/"]}]},{"@type":"BreadcrumbList","@id":"https:\/\/aaccadiz.com\/noticias\/politica-de-privacidad-2\/#breadcrumb","itemListElement":[{"@type":"ListItem","position":1,"name":"Portada","item":"https:\/\/aaccadiz.com\/noticias\/"},{"@type":"ListItem","position":2,"name":"Pol\u00edtica de Privacidad"}]},{"@type":"WebSite","@id":"https:\/\/aaccadiz.com\/noticias\/#website","url":"https:\/\/aaccadiz.com\/noticias\/","name":":: Asociacion de Autores ::","description":"Asociacion de Autores del Carnaval de C\u00e1diz","potentialAction":[{"@type":"SearchAction","target":{"@type":"EntryPoint","urlTemplate":"https:\/\/aaccadiz.com\/noticias\/?s={search_term_string}"},"query-input":{"@type":"PropertyValueSpecification","valueRequired":true,"valueName":"search_term_string"}}],"inLanguage":"es"}]}},"jetpack_likes_enabled":true,"jetpack_sharing_enabled":true,"_links":{"self":[{"href":"https:\/\/aaccadiz.com\/noticias\/wp-json\/wp\/v2\/pages\/1730","targetHints":{"allow":["GET"]}}],"collection":[{"href":"https:\/\/aaccadiz.com\/noticias\/wp-json\/wp\/v2\/pages"}],"about":[{"href":"https:\/\/aaccadiz.com\/noticias\/wp-json\/wp\/v2\/types\/page"}],"author":[{"embeddable":true,"href":"https:\/\/aaccadiz.com\/noticias\/wp-json\/wp\/v2\/users\/1"}],"replies":[{"embeddable":true,"href":"https:\/\/aaccadiz.com\/noticias\/wp-json\/wp\/v2\/comments?post=1730"}],"version-history":[{"count":2,"href":"https:\/\/aaccadiz.com\/noticias\/wp-json\/wp\/v2\/pages\/1730\/revisions"}],"predecessor-version":[{"id":1736,"href":"https:\/\/aaccadiz.com\/noticias\/wp-json\/wp\/v2\/pages\/1730\/revisions\/1736"}],"wp:attachment":[{"href":"https:\/\/aaccadiz.com\/noticias\/wp-json\/wp\/v2\/media?parent=1730"}],"curies":[{"name":"wp","href":"https:\/\/api.w.org\/{rel}","templated":true}]}}